{"id":148,"date":"2019-03-12T21:26:27","date_gmt":"2019-03-12T21:26:27","guid":{"rendered":"https:\/\/nathaliechaulaic.com\/?page_id=148"},"modified":"2020-07-22T15:45:05","modified_gmt":"2020-07-22T13:45:05","slug":"defiscalisation","status":"publish","type":"page","link":"https:\/\/www.nathaliechaulaic.com\/en\/tax-deductions\/","title":{"rendered":"Tax deductions"},"content":{"rendered":"<p><div class=\"fusion-fullwidth fullwidth-box fusion-builder-row-1 nonhundred-percent-fullwidth non-hundred-percent-height-scrolling\" style=\"--awb-border-radius-top-left:0px;--awb-border-radius-top-right:0px;--awb-border-radius-bottom-right:0px;--awb-border-radius-bottom-left:0px;--awb-flex-wrap:wrap;\" ><div class=\"fusion-builder-row fusion-row\"><div class=\"fusion-layout-column fusion_builder_column fusion-builder-column-0 fusion_builder_column_1_6 1_6 fusion-one-sixth fusion-column-first\" style=\"--awb-bg-size:cover;width:16.666666666667%;width:calc(16.666666666667% - ( ( 4% + 4% ) * 0.16666666666667 ) );margin-right: 4%;\"><div class=\"fusion-column-wrapper fusion-column-has-shadow fusion-flex-column-wrapper-legacy\"><div class=\"fusion-clearfix\"><\/div><\/div><\/div><div class=\"fusion-layout-column fusion_builder_column fusion-builder-column-1 fusion_builder_column_2_3 2_3 fusion-two-third\" style=\"--awb-bg-size:cover;width:66.666666666667%;width:calc(66.666666666667% - ( ( 4% + 4% ) * 0.66666666666667 ) );margin-right: 4%;\"><div class=\"fusion-column-wrapper fusion-column-has-shadow fusion-flex-column-wrapper-legacy\"><div class=\"fusion-text fusion-text-1\"><h2 style=\"text-align: center; font-size: 50px;\">D\u00e9fiscalisation d&rsquo;achats d&rsquo;oeuvres d&rsquo;art par les soci\u00e9t\u00e9s<\/h2>\n<h3 style=\"text-align: center;\">Loi sur la d\u00e9fiscalisation des achats d&rsquo;Art par les soci\u00e9t\u00e9s<\/h3>\n<\/div><div class=\"fusion-sep-clear\"><\/div><div class=\"fusion-separator\" style=\"margin-left: auto;margin-right: auto;margin-top:45px;margin-bottom:70px;width:100%;max-width:50px;\"><div class=\"fusion-separator-border sep-single sep-solid\" style=\"--awb-height:20px;--awb-amount:20px;--awb-sep-color:#e5402c;border-color:#e5402c;border-top-width:2px;\"><\/div><\/div><div class=\"fusion-sep-clear\"><\/div><div class=\"fusion-text fusion-text-2\"><p>Une entreprise qui investit dans l&rsquo;art et expose ses acquisitions peut effectuer des d\u00e9ductions fiscales sur le r\u00e9sultat de l&rsquo;exercice d&rsquo;acquisition et sur les 4 ann\u00e9es suivantes.<\/p>\n<p>Les professionnels qui ont achet\u00e9 des \u0153uvres originales d&rsquo;artistes vivants et les ont inscrits \u00e0 un compte d&rsquo;actif immobilis\u00e9, peuvent d\u00e9duire du r\u00e9sultat de l&rsquo;ann\u00e9e d&rsquo;acquisition et des 4 ann\u00e9es suivantes, par fractions \u00e9gales, une somme \u00e9gale au prix d&rsquo;acquisition dans la limite de 5 pour 1000 de son chiffre d&rsquo;affaires HT.<\/p>\n<p>En contrepartie de cette d\u00e9duction fiscale, l&rsquo;entreprise doit pr\u00e9senter sur 5 ans les \u0153uvres acquises, au public.<br \/>\nPour les \u0153uvres dont le prix d&rsquo;acquisition est inf\u00e9rieur \u00e0 5 000 \u20ac HT, le Ministre d\u00e9l\u00e9gu\u00e9 au Budget admet que la condition d&rsquo;exposition au public soit satisfaite d\u00e8s lors que l&rsquo;\u0153uvre est expos\u00e9e dans un lieu \u00ab accessible aux clients et\/ou aux salari\u00e9s de l\u2019entreprise, \u00e0 l\u2019exclusion des bureaux personnels \u00bb.<\/p>\n<p>\u2022 L&rsquo;article 238 bis AB du code g\u00e9n\u00e9ral des imp\u00f4ts, issu de l&rsquo;article 7 de la loi du 23 juillet 1987<br \/>\nModifi\u00e9 par Loi n\u00b02005-1720 du 30 d\u00e9cembre 2005 &#8211; art. 70 JORF 31 d\u00e9cembre 2005 pr\u00e9voit que les entreprises faisant l&rsquo;acquisition d&rsquo;\u0153uvres originales d&rsquo;artistes vivants, peuvent d\u00e9duire une somme \u00e9gale au prix d&rsquo;acquisition des \u0153uvres concern\u00e9es.<\/p>\n<p>\u2022 Dans le cas d&rsquo;achat d&rsquo;\u0153uvres d&rsquo;artistes vivants, l&rsquo;objectif n&rsquo;\u00e9tant pas d&rsquo;enrichir les collections publiques, mais de<br \/>\nfavoriser la cr\u00e9ation contemporaine, l&rsquo;entreprise reste propri\u00e9taire de l&rsquo;\u0153uvre.<\/p>\n<p>\u2022 Cette d\u00e9duction qui est pratiqu\u00e9e par fractions \u00e9gales pendant cinq ans au titre de l&rsquo;exercice d&rsquo;acquisition et des quatre ann\u00e9es suivantes ne peut exc\u00e9der au titre de chaque exercice la limite de 5 pour 1000 du chiffre d&rsquo;affaires, minor\u00e9e du total des d\u00e9ductions mentionn\u00e9es \u00e0 l&rsquo;article 238 bis AA du CGI, et doit \u00eatre affect\u00e9e \u00e0 un compte de r\u00e9serve sp\u00e9ciale figurant au passif du bilan.<\/p>\n<p>\u2022 En cas de changement d&rsquo;affectation ou de cession de l&rsquo;\u0153uvre ou de pr\u00e9l\u00e8vement sur le compte de r\u00e9serve, les d\u00e9ductions pratiqu\u00e9es sont imm\u00e9diatement r\u00e9int\u00e9gr\u00e9es.<\/p>\n<p>\u2022 La d\u00e9cision de pratiquer cette d\u00e9duction rel\u00e8ve de la gestion de l&rsquo;entreprise et n&rsquo;est subordonn\u00e9e \u00e0 aucune autorisation pr\u00e9alable de l&rsquo;administration.<\/p>\n<p>\u2022 L&rsquo;entreprise qui d\u00e9cide de pratiquer cette d\u00e9duction doit joindre \u00e0 sa d\u00e9claration de r\u00e9sultats un document conforme au mod\u00e8le pr\u00e9sent\u00e9 par l&rsquo;administration.<\/p>\n<p>\u2022 L&rsquo;\u0153uvre est enregistr\u00e9e en immobilisation. Une r\u00e9serve correspondant aux d\u00e9ductions effectu\u00e9es cr\u00e9e au passif du bilan est r\u00e9int\u00e9grable aux b\u00e9n\u00e9fices imposables si l&rsquo;\u0153uvre cesse d&rsquo;\u00eatre expos\u00e9e au public ou est c\u00e9d\u00e9e.<\/p>\n<p>\u2022 Dans le cas de cession, les exc\u00e9dents \u00e9ventuels sur le prix d&rsquo;acquisition seront assujettis aux r\u00e9gimes des plus-values professionnelles, et b\u00e9n\u00e9ficieront pour les cessions au-del\u00e0 de deux ans de l&rsquo;imposition \u00e0 taux r\u00e9duit.<\/p>\n<p>\u2022 La cession de l&rsquo;\u0153uvre d&rsquo;art acquise dans ce cas par une entreprise est soumise \u00e0 la TVA \u00e0 taux r\u00e9duit. L&rsquo;article 7 de la loi du 23 juillet 1987 pr\u00e9voit \u00e9galement la possibilit\u00e9 de cr\u00e9er une provision pour d\u00e9pr\u00e9ciation de l&rsquo;\u0153uvre dans le cas o\u00f9 la d\u00e9pr\u00e9ciation constat\u00e9e exc\u00e9derait les d\u00e9ductions d\u00e9j\u00e0 op\u00e9r\u00e9es.<\/p>\n<p><strong>Extrait du Code G\u00e9n\u00e9ral des Imp\u00f4ts &#8211; Art 238 bis AB &#8211; Acquisition d&rsquo;\u0153uvres d&rsquo;art.<\/strong><\/p>\n<p>Les Soci\u00e9t\u00e9s peuvent d\u00e9duire de leur r\u00e9sultat imposable de co\u00fbt d&rsquo;acquisition d&rsquo;\u0153uvres originales d&rsquo;artistes vivants inscrites \u00e0 l&rsquo;actif immobilis\u00e9 \u00e0 condition qu&rsquo;elles restent expos\u00e9es au public. Cette d\u00e9duction s&rsquo;effectue par fractions \u00e9gales sur les r\u00e9sultats de l&rsquo;exercice d&rsquo;acquisition et les quatre ann\u00e9es suivantes pour les \u0153uvres achet\u00e9es \u00e0 compter du 1er janvier 2002 (ou des neuf ou dix-neuf ann\u00e9es suivantes pour les autres \u0153uvres suivant qu&rsquo;elles ont \u00e9t\u00e9 acquises \u00e0 compter du 1er janvier 1994 ou avant cette date).<\/p>\n<p>La d\u00e9duction effectu\u00e9e au titre de chaque exercice, inscrite \u00e0 un compte de r\u00e9serve sp\u00e9ciale, ne peut exc\u00e9der la limite de 5 pour 1000 du chiffre d&rsquo;affaires, minor\u00e9e du total des autres d\u00e9ductions op\u00e9r\u00e9es au titre de m\u00e9c\u00e9nat.<\/p>\n<p><strong>Exemple :<\/strong><\/p>\n<p>Une entreprise ayant un CA de 500 000 euros acquiert 10 000 euros d&rsquo;\u0153uvres originales d&rsquo;artistes vivants.<\/p>\n<p>Le plafond de d\u00e9duction est de : 500 000 x 5\/000 = 2 500 euros<\/p>\n<p>La d\u00e9duction fiscale: 10 000 x 1\/5 = 2 000 reste limit\u00e9e \u00e0 2 000 euros (les 500 \u00e9tant perdus).<\/p>\n<p>Sur un r\u00e9sultat imposable de 10 000 euros, l&rsquo;entreprise d\u00e9duira 2 000 euros et donc le solde soit 8 000 euros seront soumis \u00e0 l&rsquo;imp\u00f4t.<\/p>\n<p>Le montant port\u00e9 en r\u00e9serve sera de 2 000 euros.<\/p>\n<p>Le retrait de l\u2019exposition au public, la cession de l\u2019\u0153uvre ou le pr\u00e9l\u00e8vement de la r\u00e9serve sp\u00e9ciale g\u00e9n\u00e9rera l&rsquo;imposition de la r\u00e9serve.<\/p>\n<p>Enfin, un imprim\u00e9 sp\u00e9cial de suivi des d\u00e9penses de m\u00e9c\u00e9nat est \u00e0 annexer \u00e0 la d\u00e9claration de r\u00e9sultat de l&rsquo;entreprise.<\/p>\n<p>Par ailleurs, les \u0153uvres d&rsquo;art vis\u00e9es ne sont pas soumises \u00e0 la taxe professionnelle (art. 1469 du CGI)<\/p>\n<p><strong>Autre exemple:<\/strong><\/p>\n<p>Prix de l\u2019\u0153uvre : 9 000\u20ac<\/p>\n<p>Chiffre d\u2019affaires de l\u2019entreprise sup\u00e9rieur ou \u00e9gal \u00e0 900 000\u20ac<\/p>\n<p>Plafond= 900 000 x 5\/1 000 = 4 500\u20ac\/An<br \/>\nAmortissement sur 5 ans, donc d\u00e9duction de l\u2019ann\u00e9e :<br \/>\n9 000\/5 =1 800\u20ac<\/p>\n<p>1)\u00a0Entreprise assujettie a l\u2019IR (entreprise individuelle, profession lib\u00e9rale)<\/p>\n<p>R\u00e9duction de cotisations sociales (comprise entre 20 et 35% ) :<br \/>\n1 800 x 35% = 630\u20ac<br \/>\nR\u00e9duction d\u2019IR: (1 800 &#8211; 630) x 40% (tranche marginale) = 468\u20ac<br \/>\nSoit une d\u00e9duction totale de 1 098 x 5 ans = 5.490\u20ac<\/p>\n<p><strong>L\u2019ENTREPRISE AURA ALORS ACQUIS L\u2019OEUVRE POUR UN MONTANT R\u00c9EL DE \u00a0<\/strong><\/p>\n<p><strong>3 510\u20ac au lieu des 9 000\u20ac soit 39% de sa valeur<\/strong><\/p>\n<p>2) Entreprise assujettie a l\u2019IS<\/p>\n<p>Diminution de l\u2019imp\u00f4t sur la soci\u00e9t\u00e9 de 1 800 x 33% = 594\u20ac<br \/>\nSoit une r\u00e9duction fiscale de 594 x 5 ans = 2 970\u20ac<\/p>\n<p><strong>L\u2019ENTREPRISE AURA ALORS ACQUIS L\u2019OEUVRE POUR UN MONTANT R\u00c9EL DE \u00a0<\/strong><\/p>\n<p><strong>6 030\u20ac au lieu des 9 000\u20ac soit 67% de sa valeur<\/strong><\/p>\n<\/div><div class=\"fusion-sep-clear\"><\/div><div class=\"fusion-separator\" style=\"margin-left: auto;margin-right: auto;margin-top:45px;margin-bottom:70px;width:100%;max-width:50px;\"><div class=\"fusion-separator-border sep-single sep-solid\" style=\"--awb-height:20px;--awb-amount:20px;--awb-sep-color:#e5402c;border-color:#e5402c;border-top-width:2px;\"><\/div><\/div><div class=\"fusion-sep-clear\"><\/div><div class=\"fusion-clearfix\"><\/div><\/div><\/div><div class=\"fusion-layout-column fusion_builder_column fusion-builder-column-2 fusion_builder_column_1_6 1_6 fusion-one-sixth fusion-column-last\" style=\"--awb-bg-size:cover;width:16.666666666667%;width:calc(16.666666666667% - ( ( 4% + 4% ) * 0.16666666666667 ) );\"><div class=\"fusion-column-wrapper fusion-column-has-shadow fusion-flex-column-wrapper-legacy\"><div class=\"fusion-clearfix\"><\/div><\/div><\/div><\/div><\/div><div class=\"fusion-fullwidth fullwidth-box fusion-builder-row-2 fusion-parallax-none nonhundred-percent-fullwidth non-hundred-percent-height-scrolling\" style=\"--awb-background-position:left top;--awb-border-sizes-top:0px;--awb-border-sizes-bottom:0px;--awb-border-sizes-left:0px;--awb-border-sizes-right:0px;--awb-border-radius-top-left:0px;--awb-border-radius-top-right:0px;--awb-border-radius-bottom-right:0px;--awb-border-radius-bottom-left:0px;--awb-padding-top:4%;--awb-padding-right:5%;--awb-padding-bottom:4%;--awb-padding-left:5%;--awb-background-image:url(&quot;https:\/\/www.nathaliechaulaic.com\/wp-content\/uploads\/2023\/05\/croco1-300x300.png&quot;);--awb-background-size:cover;--awb-flex-wrap:wrap;\" ><div class=\"fusion-builder-row fusion-row\"><div class=\"fusion-layout-column fusion_builder_column fusion-builder-column-3 fusion_builder_column_1_1 1_1 fusion-one-full fusion-column-first fusion-column-last fusion-animated\" style=\"--awb-bg-size:cover;--awb-margin-bottom:0px;\" data-animationtype=\"fadeInDown\" data-animationduration=\"0.8\" data-animationoffset=\"top-into-view\" id=\"newsletter \"><div class=\"fusion-column-wrapper fusion-column-has-shadow fusion-flex-column-wrapper-legacy\"><div class=\"fusion-column-content-centered\"><div class=\"fusion-column-content\"><div class=\"fusion-text fusion-text-3\" style=\"--awb-text-transform:none;--awb-text-color:#ffffff;\"><p>SUBSCRIBE TO THE NEWSLETTER<\/p>\n<\/div><div class=\"fusion-sep-clear\"><\/div><div class=\"fusion-separator fusion-full-width-sep\" style=\"margin-left: auto;margin-right: auto;margin-top:2%;width:100%;\"><\/div><div class=\"fusion-sep-clear\"><\/div> \n\n<div class=\"wpcf7 no-js\" id=\"wpcf7-f2208-o1\" lang=\"en-US\" dir=\"ltr\" data-wpcf7-id=\"2208\">\n<div class=\"screen-reader-response\"><p role=\"status\" aria-live=\"polite\" aria-atomic=\"true\"><\/p> <ul><\/ul><\/div>\n<form action=\"\/en\/wp-json\/wp\/v2\/pages\/148#wpcf7-f2208-o1\" method=\"post\" class=\"wpcf7-form init faa1330954c8 cmatic-conn cmatic-aud-2 cmatic-mapd0-0 cmatic-v0973 cmatic-sent-0 cmatic-total-71\" aria-label=\"Contact form\" novalidate=\"novalidate\" data-status=\"init\" data-trp-original-action=\"\/en\/wp-json\/wp\/v2\/pages\/148#wpcf7-f2208-o1\">\n<fieldset class=\"hidden-fields-container\"><input type=\"hidden\" name=\"_wpcf7\" value=\"2208\" \/><input type=\"hidden\" name=\"_wpcf7_version\" value=\"6.1.4\" \/><input type=\"hidden\" name=\"_wpcf7_locale\" value=\"en_US\" \/><input type=\"hidden\" name=\"_wpcf7_unit_tag\" value=\"wpcf7-f2208-o1\" \/><input type=\"hidden\" name=\"_wpcf7_container_post\" value=\"0\" \/><input type=\"hidden\" name=\"_wpcf7_posted_data_hash\" value=\"\" \/><input type=\"hidden\" name=\"_wpcf7_recaptcha_response\" value=\"\" \/>\n<\/fieldset>\n<p style=\"width:90%;display:inline-block;margin-top:0px;margin-bottom:0px;color:#fff\">Your email : <label><br \/>\n<span class=\"wpcf7-form-control-wrap\" data-name=\"your-email\"><input size=\"40\" maxlength=\"400\" class=\"wpcf7-form-control wpcf7-email wpcf7-validates-as-required wpcf7-text wpcf7-validates-as-email\" aria-required=\"true\" aria-invalid=\"false\" value=\"\" type=\"email\" name=\"your-email\" \/><\/span> <\/label>\n<\/p>\n<p><input class=\"wpcf7-form-control wpcf7-submit has-spinner\" type=\"submit\" value=\"Subscribe\" \/>\n<\/p><div class=\"fusion-alert alert custom alert-custom fusion-alert-center wpcf7-response-output fusion-alert-capitalize awb-alert-native-link-color alert-dismissable awb-alert-close-boxed\" style=\"--awb-border-size:1px;--awb-border-top-left-radius:0px;--awb-border-top-right-radius:0px;--awb-border-bottom-left-radius:0px;--awb-border-bottom-right-radius:0px;\" role=\"alert\"><div class=\"fusion-alert-content-wrapper\"><span class=\"fusion-alert-content\"><\/span><\/div><button type=\"button\" class=\"close toggle-alert\" data-dismiss=\"alert\" aria-label=\"Close\">&times;<\/button><\/div>\n<input type=\"hidden\" name=\"trp-form-language\" value=\"en\"\/><\/form>\n<\/div>\n\n\n<\/div><\/div><div class=\"fusion-clearfix\"><\/div><\/div><\/div><\/div><\/div>\n<\/p>","protected":false},"excerpt":{"rendered":"","protected":false},"author":1,"featured_media":0,"parent":0,"menu_order":0,"comment_status":"closed","ping_status":"closed","template":"100-width.php","meta":{"footnotes":""},"class_list":["post-148","page","type-page","status-publish","hentry"],"yoast_head":"<!-- This site is optimized with the Yoast SEO plugin v26.9 - https:\/\/yoast.com\/product\/yoast-seo-wordpress\/ -->\n<title>D\u00e9fiscalisation et oeuvres d&#039;art | Nathalie Chaulaic, Artiste Mosa\u00efste<\/title>\n<meta name=\"description\" content=\"Les entreprises qui ach\u00e8tent des \u0153uvres originales d\u2019artistes peuvent, dans certaines conditions, d\u00e9duire le prix d&#039;acquisition de leur r\u00e9sultat imposable.\" \/>\n<meta name=\"robots\" content=\"index, follow, max-snippet:-1, max-image-preview:large, max-video-preview:-1\" \/>\n<link rel=\"canonical\" href=\"https:\/\/www.nathaliechaulaic.com\/en\/tax-deductions\/\" \/>\n<meta property=\"og:locale\" content=\"en_GB\" \/>\n<meta property=\"og:type\" content=\"article\" \/>\n<meta property=\"og:title\" content=\"D\u00e9fiscalisation et oeuvres d&#039;art | Nathalie Chaulaic, Artiste Mosa\u00efste\" \/>\n<meta property=\"og:description\" content=\"Les entreprises qui ach\u00e8tent des \u0153uvres originales d\u2019artistes peuvent, dans certaines conditions, d\u00e9duire le prix d&#039;acquisition de leur r\u00e9sultat imposable.\" \/>\n<meta property=\"og:url\" content=\"https:\/\/www.nathaliechaulaic.com\/en\/tax-deductions\/\" \/>\n<meta property=\"og:site_name\" content=\"Nathalie Chaulaic\" \/>\n<meta property=\"article:modified_time\" content=\"2020-07-22T13:45:05+00:00\" \/>\n<meta name=\"twitter:card\" content=\"summary_large_image\" \/>\n<meta name=\"twitter:label1\" content=\"Estimated reading time\" \/>\n\t<meta name=\"twitter:data1\" content=\"9 minutes\" \/>\n<script type=\"application\/ld+json\" class=\"yoast-schema-graph\">{\"@context\":\"https:\/\/schema.org\",\"@graph\":[{\"@type\":\"WebPage\",\"@id\":\"https:\/\/www.nathaliechaulaic.com\/en\/tax-deductions\/\",\"url\":\"https:\/\/www.nathaliechaulaic.com\/en\/tax-deductions\/\",\"name\":\"D\u00e9fiscalisation et oeuvres d'art | Nathalie Chaulaic, Artiste Mosa\u00efste\",\"isPartOf\":{\"@id\":\"https:\/\/www.nathaliechaulaic.com\/#website\"},\"datePublished\":\"2019-03-12T21:26:27+00:00\",\"dateModified\":\"2020-07-22T13:45:05+00:00\",\"description\":\"Les entreprises qui ach\u00e8tent des \u0153uvres originales d\u2019artistes peuvent, dans certaines conditions, d\u00e9duire le prix d'acquisition de leur r\u00e9sultat imposable.\",\"breadcrumb\":{\"@id\":\"https:\/\/www.nathaliechaulaic.com\/en\/tax-deductions\/#breadcrumb\"},\"inLanguage\":\"en-GB\",\"potentialAction\":[{\"@type\":\"ReadAction\",\"target\":[\"https:\/\/www.nathaliechaulaic.com\/en\/tax-deductions\/\"]}]},{\"@type\":\"BreadcrumbList\",\"@id\":\"https:\/\/www.nathaliechaulaic.com\/en\/tax-deductions\/#breadcrumb\",\"itemListElement\":[{\"@type\":\"ListItem\",\"position\":1,\"name\":\"Accueil\",\"item\":\"https:\/\/www.nathaliechaulaic.com\/\"},{\"@type\":\"ListItem\",\"position\":2,\"name\":\"D\u00e9fiscalisation\"}]},{\"@type\":\"WebSite\",\"@id\":\"https:\/\/www.nathaliechaulaic.com\/#website\",\"url\":\"https:\/\/www.nathaliechaulaic.com\/\",\"name\":\"Nathalie Chaulaic\",\"description\":\"\",\"potentialAction\":[{\"@type\":\"SearchAction\",\"target\":{\"@type\":\"EntryPoint\",\"urlTemplate\":\"https:\/\/www.nathaliechaulaic.com\/?s={search_term_string}\"},\"query-input\":{\"@type\":\"PropertyValueSpecification\",\"valueRequired\":true,\"valueName\":\"search_term_string\"}}],\"inLanguage\":\"en-GB\"}]}<\/script>\n<!-- \/ Yoast SEO plugin. -->","yoast_head_json":{"title":"D\u00e9fiscalisation et oeuvres d'art | Nathalie Chaulaic, Artiste Mosa\u00efste","description":"Les entreprises qui ach\u00e8tent des \u0153uvres originales d\u2019artistes peuvent, dans certaines conditions, d\u00e9duire le prix d'acquisition de leur r\u00e9sultat imposable.","robots":{"index":"index","follow":"follow","max-snippet":"max-snippet:-1","max-image-preview":"max-image-preview:large","max-video-preview":"max-video-preview:-1"},"canonical":"https:\/\/www.nathaliechaulaic.com\/en\/tax-deductions\/","og_locale":"en_GB","og_type":"article","og_title":"D\u00e9fiscalisation et oeuvres d'art | Nathalie Chaulaic, Artiste Mosa\u00efste","og_description":"Les entreprises qui ach\u00e8tent des \u0153uvres originales d\u2019artistes peuvent, dans certaines conditions, d\u00e9duire le prix d'acquisition de leur r\u00e9sultat imposable.","og_url":"https:\/\/www.nathaliechaulaic.com\/en\/tax-deductions\/","og_site_name":"Nathalie Chaulaic","article_modified_time":"2020-07-22T13:45:05+00:00","twitter_card":"summary_large_image","twitter_misc":{"Estimated reading time":"9 minutes"},"schema":{"@context":"https:\/\/schema.org","@graph":[{"@type":"WebPage","@id":"https:\/\/www.nathaliechaulaic.com\/en\/tax-deductions\/","url":"https:\/\/www.nathaliechaulaic.com\/en\/tax-deductions\/","name":"D\u00e9fiscalisation et oeuvres d'art | Nathalie Chaulaic, Artiste Mosa\u00efste","isPartOf":{"@id":"https:\/\/www.nathaliechaulaic.com\/#website"},"datePublished":"2019-03-12T21:26:27+00:00","dateModified":"2020-07-22T13:45:05+00:00","description":"Les entreprises qui ach\u00e8tent des \u0153uvres originales d\u2019artistes peuvent, dans certaines conditions, d\u00e9duire le prix d'acquisition de leur r\u00e9sultat imposable.","breadcrumb":{"@id":"https:\/\/www.nathaliechaulaic.com\/en\/tax-deductions\/#breadcrumb"},"inLanguage":"en-GB","potentialAction":[{"@type":"ReadAction","target":["https:\/\/www.nathaliechaulaic.com\/en\/tax-deductions\/"]}]},{"@type":"BreadcrumbList","@id":"https:\/\/www.nathaliechaulaic.com\/en\/tax-deductions\/#breadcrumb","itemListElement":[{"@type":"ListItem","position":1,"name":"Accueil","item":"https:\/\/www.nathaliechaulaic.com\/"},{"@type":"ListItem","position":2,"name":"D\u00e9fiscalisation"}]},{"@type":"WebSite","@id":"https:\/\/www.nathaliechaulaic.com\/#website","url":"https:\/\/www.nathaliechaulaic.com\/","name":"Nathalie Chaulaic","description":"","potentialAction":[{"@type":"SearchAction","target":{"@type":"EntryPoint","urlTemplate":"https:\/\/www.nathaliechaulaic.com\/?s={search_term_string}"},"query-input":{"@type":"PropertyValueSpecification","valueRequired":true,"valueName":"search_term_string"}}],"inLanguage":"en-GB"}]}},"_links":{"self":[{"href":"https:\/\/www.nathaliechaulaic.com\/en\/wp-json\/wp\/v2\/pages\/148","targetHints":{"allow":["GET"]}}],"collection":[{"href":"https:\/\/www.nathaliechaulaic.com\/en\/wp-json\/wp\/v2\/pages"}],"about":[{"href":"https:\/\/www.nathaliechaulaic.com\/en\/wp-json\/wp\/v2\/types\/page"}],"author":[{"embeddable":true,"href":"https:\/\/www.nathaliechaulaic.com\/en\/wp-json\/wp\/v2\/users\/1"}],"replies":[{"embeddable":true,"href":"https:\/\/www.nathaliechaulaic.com\/en\/wp-json\/wp\/v2\/comments?post=148"}],"version-history":[{"count":10,"href":"https:\/\/www.nathaliechaulaic.com\/en\/wp-json\/wp\/v2\/pages\/148\/revisions"}],"predecessor-version":[{"id":1962,"href":"https:\/\/www.nathaliechaulaic.com\/en\/wp-json\/wp\/v2\/pages\/148\/revisions\/1962"}],"wp:attachment":[{"href":"https:\/\/www.nathaliechaulaic.com\/en\/wp-json\/wp\/v2\/media?parent=148"}],"curies":[{"name":"wp","href":"https:\/\/api.w.org\/{rel}","templated":true}]}}